{"id":907,"date":"2023-05-22T05:09:55","date_gmt":"2023-05-22T05:09:55","guid":{"rendered":"https:\/\/thememxpro.com\/theme\/sopot\/?page_id=907"},"modified":"2025-11-26T11:17:51","modified_gmt":"2025-11-26T11:17:51","slug":"videos-nss","status":"publish","type":"page","link":"http:\/\/wasafrica.org\/pt\/galerie-video-nos-somos-a-solucao\/","title":{"rendered":"V\u00eddeos"},"content":{"rendered":"<div data-elementor-type=\"wp-page\" data-elementor-id=\"907\" class=\"elementor elementor-907\" data-elementor-post-type=\"page\">\n\t\t\t\t<div class=\"elementor-element elementor-element-d6c3657 e-con-full e-flex e-con e-parent\" data-id=\"d6c3657\" data-element_type=\"container\" data-e-type=\"container\">\n\t\t\t\t<div class=\"elementor-element elementor-element-2bcc704 elementor-grid-3 elementor-grid-tablet-2 elementor-grid-mobile-1 pp-video-gallery-content-below-video elementor-widget elementor-widget-pp-video-gallery\" data-id=\"2bcc704\" data-element_type=\"widget\" data-e-type=\"widget\" data-settings=\"{&quot;columns_gap&quot;:{&quot;unit&quot;:&quot;px&quot;,&quot;size&quot;:25,&quot;sizes&quot;:[]},&quot;layout&quot;:&quot;grid&quot;,&quot;columns_gap_tablet&quot;:{&quot;unit&quot;:&quot;px&quot;,&quot;size&quot;:&quot;&quot;,&quot;sizes&quot;:[]},&quot;columns_gap_mobile&quot;:{&quot;unit&quot;:&quot;px&quot;,&quot;size&quot;:&quot;&quot;,&quot;sizes&quot;:[]}}\" data-widget_type=\"pp-video-gallery.default\">\n\t\t\t\t<div class=\"elementor-widget-container\">\n\t\t\t\t\t\t\t<div class=\"pp-video-gallery-container pp-video-gallery-grid\">\n\t\t\t<div class=\"pp-video-gallery-wrap\">\n\t\t\t\t\t\t\t<div class=\"pp-filters-wrapper\">\n\t\t\t\t<div class=\"pp-gallery-filters pp-pointer-background pp-animation-grow\">\n\t\t\t\t\t<div class=\"pp-gallery-filter pp-active\" data-filter=\"*\">\n\t\t\t\t\t\t<span class=\"pp-gallery-filter-text\">\n\t\t\t\t\t\t\tTodos\t\t\t\t\t\t<\/span>\n\t\t\t\t\t<\/div>\n\t\t\t\t\t\t\t\t\t\t\t<div class=\"pp-gallery-filter\" data-filter=\".filter-agroecologie\">\n\t\t\t\t\t\t\t<span class=\"pp-gallery-filter-text\">Agroecologia<\/span>\n\t\t\t\t\t\t<\/div>\n\t\t\t\t\t\t\t\t\t\t\t\t\t\t\t\t\t<div class=\"pp-gallery-filter\" data-filter=\".filter-nss\">\n\t\t\t\t\t\t\t<span class=\"pp-gallery-filter-text\">NSS<\/span>\n\t\t\t\t\t\t<\/div>\n\t\t\t\t\t\t\t\t\t\t\t\t\t\t\t\t\t<div class=\"pp-gallery-filter\" data-filter=\".filter-pescara\">\n\t\t\t\t\t\t\t<span class=\"pp-gallery-filter-text\">Pescara<\/span>\n\t\t\t\t\t\t<\/div>\n\t\t\t\t\t\t\t\t\t\t\t\t\t\t\t<\/div>\n\t\t\t<\/div>\n\t\t\t\t\t\t\t<div class=\"pp-video-gallery pp-elementor-grid pp-video-gallery-filter-enabled\" data-action=\"lightbox\">\n\t\t\t\t\t\t\t\t\t\t\t\t\t\t\t<div class=\"pp-grid-item-wrap elementor-grid-item filter-agroecologie\">\n\t\t\t\t\t\t\t\t\t\t\t\t<div class=\"pp-video-container\">\n\t\t\t\t\t\t\t<div class=\"pp-video-play\" data-fancybox=\"video-gallery-2bcc704\" href=\"http:\/\/wasafrica.org\/wp-content\/uploads\/2025\/11\/RENCONTRE-ANNUEL-2025-NSS.mp4\">\n\t\t\t\t\t\t\t\t<div class=\"pp-media-overlay pp-video-overlay\"><\/div>\t\t\t\t\t\t\t\t<div class=\"pp-video-player\">\n\t\t\t\t\t\t\t\t\t\n\t\t\t\t\t\t\t\t\t\t\t\t\t\t\t\t\t\t\t\t\t\t\t\t\t\t\t\t\t\t\t\t\t\t\t\t\t\t\t\t<video class=\"pp-hosted-video\" src=\"http:\/\/wasafrica.org\/wp-content\/uploads\/2025\/11\/RENCONTRE-ANNUEL-2025-NSS.mp4\" preload=\"auto\"><\/video>\n\t\t\t\t\t\t\t\t\t\t\t\t\t\t\t\t\t\t\t\t\t\t<span class=\"pp-video-play-icon pp-icon\">\n\t\t\t\t<svg aria-hidden=\"true\" class=\"e-font-icon-svg e-fas-play-circle\" viewbox=\"0 0 512 512\" xmlns=\"http:\/\/www.w3.org\/2000\/svg\"><path d=\"M256 8C119 8 8 119 8 256s111 248 248 248 248-111 248-248S393 8 256 8zm115.7 272l-176 101c-15.8 8.8-35.7-2.5-35.7-21V152c0-18.4 19.8-29.8 35.7-21l176 107c16.4 9.2 16.4 32.9 0 42z\"><\/path><\/svg>\t\t\t<\/span>\n\t\t\t\t\t\t\t\t\t\t\t<\/div>\n\t\t\t\t\t\t\t<\/div>\n\t\t\t\t\t\t<\/div>\n\t\t\t\t\t\t\t\t\t<div class=\"pp-video-content-container\">\n\t\t\t\t<div class=\"pp-video-content\">\n\t\t\t\t\t\t\t\t\t\t\t<div class=\"pp-video-title\">\n\t\t\t\t\t\t\tRencontre Annuelle 2025 \u2013 Mouvement Panafricain des Femmes Rurales Nous Sommes la Solution \u00e0 Kindia (Guin\u00e9e)\t\t\t\t\t\t<\/div>\n\t\t\t\t\t\n\t\t\t\t\t\t\t\t\t<\/div>\n\t\t\t<\/div>\n\t\t\t\t\t\t\t<\/div>\n\t\t\t\t\t\t\t\t<div class=\"pp-grid-item-wrap elementor-grid-item filter-agroecologie\">\n\t\t\t\t\t\t\t\t\t\t\t\t<div class=\"pp-video-container\">\n\t\t\t\t\t\t\t<div class=\"pp-video-play\" data-fancybox=\"video-gallery-2bcc704\" href=\"https:\/\/www.youtube.com\/watch?v=LGkcZMWNgZA\">\n\t\t\t\t\t\t\t\t<div class=\"pp-media-overlay pp-video-overlay\"><\/div>\t\t\t\t\t\t\t\t<div class=\"pp-video-player\">\n\t\t\t\t\t\t\t\t\t\n\t\t\t\t\t\t\t\t\t\t\t\t\t\t\t\t\t\t\t\t\t\t\t\t\t\t\t\t\t\t<img decoding=\"async\" class=\"pp-video-thumb\" src=\"https:\/\/i.ytimg.com\/vi\/LGkcZMWNgZA\/maxresdefault.jpg\" alt=\"Agroecologia\">\n\t\t\t\t\t\t\t\t\t\t\t\t\t<span class=\"pp-video-play-icon pp-icon\">\n\t\t\t\t<svg aria-hidden=\"true\" class=\"e-font-icon-svg e-fas-play-circle\" viewbox=\"0 0 512 512\" xmlns=\"http:\/\/www.w3.org\/2000\/svg\"><path d=\"M256 8C119 8 8 119 8 256s111 248 248 248 248-111 248-248S393 8 256 8zm115.7 272l-176 101c-15.8 8.8-35.7-2.5-35.7-21V152c0-18.4 19.8-29.8 35.7-21l176 107c16.4 9.2 16.4 32.9 0 42z\"><\/path><\/svg>\t\t\t<\/span>\n\t\t\t\t\t\t\t\t\t\t\t<\/div>\n\t\t\t\t\t\t\t<\/div>\n\t\t\t\t\t\t<\/div>\n\t\t\t\t\t\t\t\t\t<div class=\"pp-video-content-container\">\n\t\t\t\t<div class=\"pp-video-content\">\n\t\t\t\t\t\t\t\t\t\t\t<div class=\"pp-video-title\">\n\t\t\t\t\t\t\tTelejornal franc\u00eas das 20h00 de 1 de setembro de 2025, apresentado por Souleymane NIANG\t\t\t\t\t\t<\/div>\n\t\t\t\t\t\n\t\t\t\t\t\t\t\t\t<\/div>\n\t\t\t<\/div>\n\t\t\t\t\t\t\t<\/div>\n\t\t\t\t\t\t\t\t<div class=\"pp-grid-item-wrap elementor-grid-item filter-agroecologie\">\n\t\t\t\t\t\t\t\t\t\t\t\t<div class=\"pp-video-container\">\n\t\t\t\t\t\t\t<div class=\"pp-video-play\" data-fancybox=\"video-gallery-2bcc704\" href=\"https:\/\/youtu.be\/boT5gIW072Q\">\n\t\t\t\t\t\t\t\t<div class=\"pp-media-overlay pp-video-overlay\"><\/div>\t\t\t\t\t\t\t\t<div class=\"pp-video-player\">\n\t\t\t\t\t\t\t\t\t\n\t\t\t\t\t\t\t\t\t\t\t\t\t\t\t\t\t\t\t\t\t\t\t\t\t\t\t\t\t\t<img decoding=\"async\" class=\"pp-video-thumb\" src=\"https:\/\/i.ytimg.com\/vi\/boT5gIW072Q\/maxresdefault.jpg\" alt=\"Agroecologia\">\n\t\t\t\t\t\t\t\t\t\t\t\t\t<span class=\"pp-video-play-icon pp-icon\">\n\t\t\t\t<svg aria-hidden=\"true\" class=\"e-font-icon-svg e-fas-play-circle\" viewbox=\"0 0 512 512\" xmlns=\"http:\/\/www.w3.org\/2000\/svg\"><path d=\"M256 8C119 8 8 119 8 256s111 248 248 248 248-111 248-248S393 8 256 8zm115.7 272l-176 101c-15.8 8.8-35.7-2.5-35.7-21V152c0-18.4 19.8-29.8 35.7-21l176 107c16.4 9.2 16.4 32.9 0 42z\"><\/path><\/svg>\t\t\t<\/span>\n\t\t\t\t\t\t\t\t\t\t\t<\/div>\n\t\t\t\t\t\t\t<\/div>\n\t\t\t\t\t\t<\/div>\n\t\t\t\t\t\t\t\t\t<div class=\"pp-video-content-container\">\n\t\t\t\t<div class=\"pp-video-content\">\n\t\t\t\t\t\t\t\t\t\t\t<div class=\"pp-video-title\">\n\t\t\t\t\t\t\t30 minutos com Mariama Sonko: Ecofeminismo e agroecologia no Senegal\t\t\t\t\t\t<\/div>\n\t\t\t\t\t\n\t\t\t\t\t\t\t\t\t<\/div>\n\t\t\t<\/div>\n\t\t\t\t\t\t\t<\/div>\n\t\t\t\t\t\t\t\t<div class=\"pp-grid-item-wrap elementor-grid-item filter-agroecologie\">\n\t\t\t\t\t\t\t\t\t\t\t\t<div class=\"pp-video-container\">\n\t\t\t\t\t\t\t<div class=\"pp-video-play\" data-fancybox=\"video-gallery-2bcc704\" href=\"https:\/\/youtu.be\/FothaoeQsQ8\">\n\t\t\t\t\t\t\t\t<div class=\"pp-media-overlay pp-video-overlay\"><\/div>\t\t\t\t\t\t\t\t<div class=\"pp-video-player\">\n\t\t\t\t\t\t\t\t\t\n\t\t\t\t\t\t\t\t\t\t\t\t\t\t\t\t\t\t\t\t\t\t\t\t\t\t\t\t\t\t<img decoding=\"async\" class=\"pp-video-thumb\" src=\"https:\/\/i.ytimg.com\/vi\/FothaoeQsQ8\/maxresdefault.jpg\" alt=\"Agroecologia\">\n\t\t\t\t\t\t\t\t\t\t\t\t\t<span class=\"pp-video-play-icon pp-icon\">\n\t\t\t\t<svg aria-hidden=\"true\" class=\"e-font-icon-svg e-fas-play-circle\" viewbox=\"0 0 512 512\" xmlns=\"http:\/\/www.w3.org\/2000\/svg\"><path d=\"M256 8C119 8 8 119 8 256s111 248 248 248 248-111 248-248S393 8 256 8zm115.7 272l-176 101c-15.8 8.8-35.7-2.5-35.7-21V152c0-18.4 19.8-29.8 35.7-21l176 107c16.4 9.2 16.4 32.9 0 42z\"><\/path><\/svg>\t\t\t<\/span>\n\t\t\t\t\t\t\t\t\t\t\t<\/div>\n\t\t\t\t\t\t\t<\/div>\n\t\t\t\t\t\t<\/div>\n\t\t\t\t\t\t\t\t\t<div class=\"pp-video-content-container\">\n\t\t\t\t<div class=\"pp-video-content\">\n\t\t\t\t\t\t\t\t\t\t\t<div class=\"pp-video-title\">\n\t\t\t\t\t\t\tNo Senegal: A luta das mulheres agricultoras pela posse da propriedade\t\t\t\t\t\t<\/div>\n\t\t\t\t\t\n\t\t\t\t\t\t\t\t\t<\/div>\n\t\t\t<\/div>\n\t\t\t\t\t\t\t<\/div>\n\t\t\t\t\t\t\t\t<div class=\"pp-grid-item-wrap elementor-grid-item filter-nss\">\n\t\t\t\t\t\t\t\t\t\t\t\t<div class=\"pp-video-container\">\n\t\t\t\t\t\t\t<div class=\"pp-video-play\" data-fancybox=\"video-gallery-2bcc704\" href=\"https:\/\/www.youtube.com\/watch?v=2ENo3_0tBTk\">\n\t\t\t\t\t\t\t\t<div class=\"pp-media-overlay pp-video-overlay\"><\/div>\t\t\t\t\t\t\t\t<div class=\"pp-video-player\">\n\t\t\t\t\t\t\t\t\t\n\t\t\t\t\t\t\t\t\t\t\t\t\t\t\t\t\t\t\t\t\t\t\t\t\t\t\t\t\t\t<img decoding=\"async\" class=\"pp-video-thumb\" src=\"http:\/\/wasafrica.org\/wp-content\/uploads\/2023\/05\/organisations-de-femmes-rurales-NOUS-SOMMES-LA-SOLUTION-NSS.jpeg\" alt=\"NSS\">\n\t\t\t\t\t\t\t\t\t\t\t\t\t<span class=\"pp-video-play-icon pp-icon\">\n\t\t\t\t<svg aria-hidden=\"true\" class=\"e-font-icon-svg e-fas-play-circle\" viewbox=\"0 0 512 512\" xmlns=\"http:\/\/www.w3.org\/2000\/svg\"><path d=\"M256 8C119 8 8 119 8 256s111 248 248 248 248-111 248-248S393 8 256 8zm115.7 272l-176 101c-15.8 8.8-35.7-2.5-35.7-21V152c0-18.4 19.8-29.8 35.7-21l176 107c16.4 9.2 16.4 32.9 0 42z\"><\/path><\/svg>\t\t\t<\/span>\n\t\t\t\t\t\t\t\t\t\t\t<\/div>\n\t\t\t\t\t\t\t<\/div>\n\t\t\t\t\t\t<\/div>\n\t\t\t\t\t\t\t\t\t<div class=\"pp-video-content-container\">\n\t\t\t\t<div class=\"pp-video-content\">\n\t\t\t\t\t\t\t\t\t\t\t<div class=\"pp-video-title\">\n\t\t\t\t\t\t\tApresenta\u00e7\u00e3o do NSS: Movimento de Mulheres Rurais pela Soberania Alimentar\t\t\t\t\t\t<\/div>\n\t\t\t\t\t\n\t\t\t\t\t\t\t\t\t<\/div>\n\t\t\t<\/div>\n\t\t\t\t\t\t\t<\/div>\n\t\t\t\t\t\t\t\t<div class=\"pp-grid-item-wrap elementor-grid-item filter-pescara\">\n\t\t\t\t\t\t\t\t\t\t\t\t<div class=\"pp-video-container\">\n\t\t\t\t\t\t\t<div class=\"pp-video-play\" data-fancybox=\"video-gallery-2bcc704\" href=\"https:\/\/youtu.be\/Bj5Z013_iQU\">\n\t\t\t\t\t\t\t\t<div class=\"pp-media-overlay pp-video-overlay\"><\/div>\t\t\t\t\t\t\t\t<div class=\"pp-video-player\">\n\t\t\t\t\t\t\t\t\t\n\t\t\t\t\t\t\t\t\t\t\t\t\t\t\t\t\t\t\t\t\t\t\t\t\t\t\t\t\t\t<img decoding=\"async\" class=\"pp-video-thumb\" src=\"https:\/\/i.ytimg.com\/vi\/Bj5Z013_iQU\/mqdefault.jpg\" alt=\"Pescara\">\n\t\t\t\t\t\t\t\t\t\t\t\t\t<span class=\"pp-video-play-icon pp-icon\">\n\t\t\t\t<svg aria-hidden=\"true\" class=\"e-font-icon-svg e-fas-play-circle\" viewbox=\"0 0 512 512\" xmlns=\"http:\/\/www.w3.org\/2000\/svg\"><path d=\"M256 8C119 8 8 119 8 256s111 248 248 248 248-111 248-248S393 8 256 8zm115.7 272l-176 101c-15.8 8.8-35.7-2.5-35.7-21V152c0-18.4 19.8-29.8 35.7-21l176 107c16.4 9.2 16.4 32.9 0 42z\"><\/path><\/svg>\t\t\t<\/span>\n\t\t\t\t\t\t\t\t\t\t\t<\/div>\n\t\t\t\t\t\t\t<\/div>\n\t\t\t\t\t\t<\/div>\n\t\t\t\t\t\t\t\t\t<div class=\"pp-video-content-container\">\n\t\t\t\t<div class=\"pp-video-content\">\n\t\t\t\t\t\t\t\t\t\t\t<div class=\"pp-video-title\">\n\t\t\t\t\t\t\tNSS na confer\u00eancia de imprensa do Dia Mundial da \u00c1gua em Pescara\t\t\t\t\t\t<\/div>\n\t\t\t\t\t\n\t\t\t\t\t\t\t\t\t<\/div>\n\t\t\t<\/div>\n\t\t\t\t\t\t\t<\/div>\n\t\t\t\t\t\t\t\t<div class=\"pp-grid-item-wrap elementor-grid-item filter-pescara\">\n\t\t\t\t\t\t\t\t\t\t\t\t<div class=\"pp-video-container\">\n\t\t\t\t\t\t\t<div class=\"pp-video-play\" data-fancybox=\"video-gallery-2bcc704\" href=\"https:\/\/youtu.be\/_3_fEjTOi3I\">\n\t\t\t\t\t\t\t\t<div class=\"pp-media-overlay pp-video-overlay\"><\/div>\t\t\t\t\t\t\t\t<div class=\"pp-video-player\">\n\t\t\t\t\t\t\t\t\t\n\t\t\t\t\t\t\t\t\t\t\t\t\t\t\t\t\t\t\t\t\t\t\t\t\t\t\t\t\t\t<img decoding=\"async\" class=\"pp-video-thumb\" src=\"https:\/\/i.ytimg.com\/vi\/_3_fEjTOi3I\/mqdefault.jpg\" alt=\"Pescara\">\n\t\t\t\t\t\t\t\t\t\t\t\t\t<span class=\"pp-video-play-icon pp-icon\">\n\t\t\t\t<svg aria-hidden=\"true\" class=\"e-font-icon-svg e-fas-play-circle\" viewbox=\"0 0 512 512\" xmlns=\"http:\/\/www.w3.org\/2000\/svg\"><path d=\"M256 8C119 8 8 119 8 256s111 248 248 248 248-111 248-248S393 8 256 8zm115.7 272l-176 101c-15.8 8.8-35.7-2.5-35.7-21V152c0-18.4 19.8-29.8 35.7-21l176 107c16.4 9.2 16.4 32.9 0 42z\"><\/path><\/svg>\t\t\t<\/span>\n\t\t\t\t\t\t\t\t\t\t\t<\/div>\n\t\t\t\t\t\t\t<\/div>\n\t\t\t\t\t\t<\/div>\n\t\t\t\t\t\t\t\t\t<div class=\"pp-video-content-container\">\n\t\t\t\t<div class=\"pp-video-content\">\n\t\t\t\t\t\t\t\t\t\t\t<div class=\"pp-video-title\">\n\t\t\t\t\t\t\tNSS na confer\u00eancia de imprensa do Dia Mundial da \u00c1gua em Pescara\t\t\t\t\t\t<\/div>\n\t\t\t\t\t\n\t\t\t\t\t\t\t\t\t<\/div>\n\t\t\t<\/div>\n\t\t\t\t\t\t\t<\/div>\n\t\t\t\t\t\t\t\t<div class=\"pp-grid-item-wrap elementor-grid-item filter-pescara\">\n\t\t\t\t\t\t\t\t\t\t\t\t<div class=\"pp-video-container\">\n\t\t\t\t\t\t\t<div class=\"pp-video-play\" data-fancybox=\"video-gallery-2bcc704\" href=\"https:\/\/youtu.be\/psKIMgwaV7Y\">\n\t\t\t\t\t\t\t\t<div class=\"pp-media-overlay pp-video-overlay\"><\/div>\t\t\t\t\t\t\t\t<div class=\"pp-video-player\">\n\t\t\t\t\t\t\t\t\t\n\t\t\t\t\t\t\t\t\t\t\t\t\t\t\t\t\t\t\t\t\t\t\t\t\t\t\t\t\t\t<img decoding=\"async\" class=\"pp-video-thumb\" src=\"https:\/\/i.ytimg.com\/vi\/psKIMgwaV7Y\/maxresdefault.jpg\" alt=\"Pescara\">\n\t\t\t\t\t\t\t\t\t\t\t\t\t<span class=\"pp-video-play-icon pp-icon\">\n\t\t\t\t<svg aria-hidden=\"true\" class=\"e-font-icon-svg e-fas-play-circle\" viewbox=\"0 0 512 512\" xmlns=\"http:\/\/www.w3.org\/2000\/svg\"><path d=\"M256 8C119 8 8 119 8 256s111 248 248 248 248-111 248-248S393 8 256 8zm115.7 272l-176 101c-15.8 8.8-35.7-2.5-35.7-21V152c0-18.4 19.8-29.8 35.7-21l176 107c16.4 9.2 16.4 32.9 0 42z\"><\/path><\/svg>\t\t\t<\/span>\n\t\t\t\t\t\t\t\t\t\t\t<\/div>\n\t\t\t\t\t\t\t<\/div>\n\t\t\t\t\t\t<\/div>\n\t\t\t\t\t\t\t\t\t<div class=\"pp-video-content-container\">\n\t\t\t\t<div class=\"pp-video-content\">\n\t\t\t\t\t\t\t\t\t\t\t<div class=\"pp-video-title\">\n\t\t\t\t\t\t\tNSS na confer\u00eancia de imprensa do Dia Mundial da \u00c1gua em Pescara\t\t\t\t\t\t<\/div>\n\t\t\t\t\t\n\t\t\t\t\t\t\t\t\t<\/div>\n\t\t\t<\/div>\n\t\t\t\t\t\t\t<\/div>\n\t\t\t\t\t\t\t\t\t\t\t\t\t<\/div>\n\t\t\t\t\t\t\t<\/div>\n\t\t<\/div>\n\t\t\t\t\t\t<\/div>\n\t\t\t\t<\/div>\n\t\t\t\t<\/div>\n\t\t\t\t<\/div>","protected":false},"excerpt":{"rendered":"<p>All Agroecologie NSS Pescara Rencontre Annuelle 2025 \u2013 Mouvement Panafricain des Femmes Rurales Nous Sommes la Solution \u00e0 Kindia (Guin\u00e9e) Journal t\u00e9l\u00e9vis\u00e9 fran\u00e7ais de 20 heures le 1er septembre 2025 [&hellip;]<\/p>","protected":false},"author":1,"featured_media":0,"parent":0,"menu_order":0,"comment_status":"closed","ping_status":"closed","template":"tpl-default-elementor.php","meta":{"_monsterinsights_skip_tracking":false,"_monsterinsights_sitenote_active":false,"_monsterinsights_sitenote_note":"","_monsterinsights_sitenote_category":0,"footnotes":""},"class_list":["post-907","page","type-page","status-publish","hentry"],"yoast_head":"<!-- This site is optimized with the Yoast SEO Premium plugin v23.7 (Yoast SEO v27.4) - https:\/\/yoast.com\/product\/yoast-seo-premium-wordpress\/ -->\n<title>Visionnez la Galerie Vid\u00e9o de Nous Sommes la Solution<\/title>\n<meta name=\"description\" content=\"Visionnez les vid\u00e9os de vid\u00e9os de nous sommes la solution (nss) pour d\u00e9couvrir nos initiatives et l&#039;impact de notre travail sur la souverainet\u00e9 alimentaire en Afrique de l\u2019Ouest.\" \/>\n<meta name=\"robots\" content=\"index, follow, max-snippet:-1, max-image-preview:large, max-video-preview:-1\" \/>\n<link rel=\"canonical\" href=\"http:\/\/wasafrica.org\/pt\/galerie-video-nos-somos-a-solucao\/\" \/>\n<meta property=\"og:locale\" content=\"pt_PT\" \/>\n<meta property=\"og:type\" content=\"article\" \/>\n<meta property=\"og:title\" content=\"Videos\" \/>\n<meta property=\"og:description\" content=\"Visionnez les vid\u00e9os de vid\u00e9os de nous sommes la solution (nss) pour d\u00e9couvrir nos initiatives et l&#039;impact de notre travail sur la souverainet\u00e9 alimentaire en Afrique de l\u2019Ouest.\" \/>\n<meta property=\"og:url\" content=\"http:\/\/wasafrica.org\/pt\/galerie-video-nos-somos-a-solucao\/\" \/>\n<meta property=\"og:site_name\" content=\"Nous Sommes la solution\" \/>\n<meta property=\"article:modified_time\" content=\"2025-11-26T11:17:51+00:00\" \/>\n<meta property=\"og:image\" content=\"https:\/\/i.ytimg.com\/vi\/LGkcZMWNgZA\/maxresdefault.jpg\" \/>\n<meta name=\"twitter:card\" content=\"summary_large_image\" \/>\n<meta name=\"twitter:label1\" content=\"Tempo estimado de leitura\" \/>\n\t<meta name=\"twitter:data1\" content=\"3 minutos\" \/>\n<script type=\"application\/ld+json\" class=\"yoast-schema-graph\">{\"@context\":\"https:\\\/\\\/schema.org\",\"@graph\":[{\"@type\":\"WebPage\",\"@id\":\"http:\\\/\\\/wasafrica.org\\\/pt\\\/galerie-video-nos-somos-a-solucao\\\/\",\"url\":\"http:\\\/\\\/wasafrica.org\\\/pt\\\/galerie-video-nos-somos-a-solucao\\\/\",\"name\":\"Visionnez la Galerie Vid\u00e9o de Nous Sommes la Solution\",\"isPartOf\":{\"@id\":\"https:\\\/\\\/wasafrica.org\\\/pt\\\/#website\"},\"primaryImageOfPage\":{\"@id\":\"http:\\\/\\\/wasafrica.org\\\/pt\\\/galerie-video-nos-somos-a-solucao\\\/#primaryimage\"},\"image\":{\"@id\":\"http:\\\/\\\/wasafrica.org\\\/pt\\\/galerie-video-nos-somos-a-solucao\\\/#primaryimage\"},\"thumbnailUrl\":\"https:\\\/\\\/i.ytimg.com\\\/vi\\\/LGkcZMWNgZA\\\/maxresdefault.jpg\",\"datePublished\":\"2023-05-22T05:09:55+00:00\",\"dateModified\":\"2025-11-26T11:17:51+00:00\",\"description\":\"Visionnez les vid\u00e9os de vid\u00e9os de nous sommes la solution (nss) pour d\u00e9couvrir nos initiatives et l'impact de notre travail sur la souverainet\u00e9 alimentaire en Afrique de l\u2019Ouest.\",\"breadcrumb\":{\"@id\":\"http:\\\/\\\/wasafrica.org\\\/pt\\\/galerie-video-nos-somos-a-solucao\\\/#breadcrumb\"},\"inLanguage\":\"pt-PT\",\"potentialAction\":[{\"@type\":\"ReadAction\",\"target\":[\"http:\\\/\\\/wasafrica.org\\\/pt\\\/galerie-video-nos-somos-a-solucao\\\/\"]}]},{\"@type\":\"ImageObject\",\"inLanguage\":\"pt-PT\",\"@id\":\"http:\\\/\\\/wasafrica.org\\\/pt\\\/galerie-video-nos-somos-a-solucao\\\/#primaryimage\",\"url\":\"https:\\\/\\\/i.ytimg.com\\\/vi\\\/LGkcZMWNgZA\\\/maxresdefault.jpg\",\"contentUrl\":\"https:\\\/\\\/i.ytimg.com\\\/vi\\\/LGkcZMWNgZA\\\/maxresdefault.jpg\"},{\"@type\":\"BreadcrumbList\",\"@id\":\"http:\\\/\\\/wasafrica.org\\\/pt\\\/galerie-video-nos-somos-a-solucao\\\/#breadcrumb\",\"itemListElement\":[{\"@type\":\"ListItem\",\"position\":1,\"name\":\"Accueil\",\"item\":\"https:\\\/\\\/wasafrica.org\\\/fr\\\/\"},{\"@type\":\"ListItem\",\"position\":2,\"name\":\"Videos\"}]},{\"@type\":\"WebSite\",\"@id\":\"https:\\\/\\\/wasafrica.org\\\/pt\\\/#website\",\"url\":\"https:\\\/\\\/wasafrica.org\\\/pt\\\/\",\"name\":\"Nous Sommes la solution\",\"description\":\"Mouvement de femmes rurales africaines pour la souverainet\u00e9 alimentaire\",\"publisher\":{\"@id\":\"https:\\\/\\\/wasafrica.org\\\/pt\\\/#organization\"},\"potentialAction\":[{\"@type\":\"SearchAction\",\"target\":{\"@type\":\"EntryPoint\",\"urlTemplate\":\"https:\\\/\\\/wasafrica.org\\\/pt\\\/?s={search_term_string}\"},\"query-input\":{\"@type\":\"PropertyValueSpecification\",\"valueRequired\":true,\"valueName\":\"search_term_string\"}}],\"inLanguage\":\"pt-PT\"},{\"@type\":\"Organization\",\"@id\":\"https:\\\/\\\/wasafrica.org\\\/pt\\\/#organization\",\"name\":\"Nous Sommes la solution\",\"url\":\"https:\\\/\\\/wasafrica.org\\\/pt\\\/\",\"logo\":{\"@type\":\"ImageObject\",\"inLanguage\":\"pt-PT\",\"@id\":\"https:\\\/\\\/wasafrica.org\\\/pt\\\/#\\\/schema\\\/logo\\\/image\\\/\",\"url\":\"https:\\\/\\\/wasafrica.org\\\/wp-content\\\/uploads\\\/2024\\\/08\\\/cropped-Logo-NSS1-1.jpg\",\"contentUrl\":\"https:\\\/\\\/wasafrica.org\\\/wp-content\\\/uploads\\\/2024\\\/08\\\/cropped-Logo-NSS1-1.jpg\",\"width\":261,\"height\":250,\"caption\":\"Nous Sommes la solution\"},\"image\":{\"@id\":\"https:\\\/\\\/wasafrica.org\\\/pt\\\/#\\\/schema\\\/logo\\\/image\\\/\"}}]}<\/script>\n<!-- \/ Yoast SEO Premium plugin. -->","yoast_head_json":{"title":"Ver a galeria de v\u00eddeos We Are the Solution","description":"Veja os v\u00eddeos we are the solution (nss) para descobrir as nossas iniciativas e o impacto do nosso trabalho na soberania alimentar na \u00c1frica Ocidental.","robots":{"index":"index","follow":"follow","max-snippet":"max-snippet:-1","max-image-preview":"max-image-preview:large","max-video-preview":"max-video-preview:-1"},"canonical":"http:\/\/wasafrica.org\/pt\/galerie-video-nos-somos-a-solucao\/","og_locale":"pt_PT","og_type":"article","og_title":"Videos","og_description":"Visionnez les vid\u00e9os de vid\u00e9os de nous sommes la solution (nss) pour d\u00e9couvrir nos initiatives et l'impact de notre travail sur la souverainet\u00e9 alimentaire en Afrique de l\u2019Ouest.","og_url":"http:\/\/wasafrica.org\/pt\/galerie-video-nos-somos-a-solucao\/","og_site_name":"Nous Sommes la solution","article_modified_time":"2025-11-26T11:17:51+00:00","og_image":[{"url":"https:\/\/i.ytimg.com\/vi\/LGkcZMWNgZA\/maxresdefault.jpg","type":"","width":"","height":""}],"twitter_card":"summary_large_image","twitter_misc":{"Tempo estimado de leitura":"3 minutos"},"schema":{"@context":"https:\/\/schema.org","@graph":[{"@type":"WebPage","@id":"http:\/\/wasafrica.org\/pt\/galerie-video-nos-somos-a-solucao\/","url":"http:\/\/wasafrica.org\/pt\/galerie-video-nos-somos-a-solucao\/","name":"Ver a galeria de v\u00eddeos We Are the Solution","isPartOf":{"@id":"https:\/\/wasafrica.org\/pt\/#website"},"primaryImageOfPage":{"@id":"http:\/\/wasafrica.org\/pt\/galerie-video-nos-somos-a-solucao\/#primaryimage"},"image":{"@id":"http:\/\/wasafrica.org\/pt\/galerie-video-nos-somos-a-solucao\/#primaryimage"},"thumbnailUrl":"https:\/\/i.ytimg.com\/vi\/LGkcZMWNgZA\/maxresdefault.jpg","datePublished":"2023-05-22T05:09:55+00:00","dateModified":"2025-11-26T11:17:51+00:00","description":"Veja os v\u00eddeos we are the solution (nss) para descobrir as nossas iniciativas e o impacto do nosso trabalho na soberania alimentar na \u00c1frica Ocidental.","breadcrumb":{"@id":"http:\/\/wasafrica.org\/pt\/galerie-video-nos-somos-a-solucao\/#breadcrumb"},"inLanguage":"pt-PT","potentialAction":[{"@type":"ReadAction","target":["http:\/\/wasafrica.org\/pt\/galerie-video-nos-somos-a-solucao\/"]}]},{"@type":"ImageObject","inLanguage":"pt-PT","@id":"http:\/\/wasafrica.org\/pt\/galerie-video-nos-somos-a-solucao\/#primaryimage","url":"https:\/\/i.ytimg.com\/vi\/LGkcZMWNgZA\/maxresdefault.jpg","contentUrl":"https:\/\/i.ytimg.com\/vi\/LGkcZMWNgZA\/maxresdefault.jpg"},{"@type":"BreadcrumbList","@id":"http:\/\/wasafrica.org\/pt\/galerie-video-nos-somos-a-solucao\/#breadcrumb","itemListElement":[{"@type":"ListItem","position":1,"name":"Accueil","item":"https:\/\/wasafrica.org\/fr\/"},{"@type":"ListItem","position":2,"name":"Videos"}]},{"@type":"WebSite","@id":"https:\/\/wasafrica.org\/pt\/#website","url":"https:\/\/wasafrica.org\/pt\/","name":"N\u00f3s somos a solu\u00e7\u00e3o","description":"Movimento de mulheres rurais africanas para a soberania alimentar em \u00c1frica","publisher":{"@id":"https:\/\/wasafrica.org\/pt\/#organization"},"potentialAction":[{"@type":"SearchAction","target":{"@type":"EntryPoint","urlTemplate":"https:\/\/wasafrica.org\/pt\/?s={search_term_string}"},"query-input":{"@type":"PropertyValueSpecification","valueRequired":true,"valueName":"search_term_string"}}],"inLanguage":"pt-PT"},{"@type":"Organization","@id":"https:\/\/wasafrica.org\/pt\/#organization","name":"N\u00f3s somos a solu\u00e7\u00e3o","url":"https:\/\/wasafrica.org\/pt\/","logo":{"@type":"ImageObject","inLanguage":"pt-PT","@id":"https:\/\/wasafrica.org\/pt\/#\/schema\/logo\/image\/","url":"https:\/\/wasafrica.org\/wp-content\/uploads\/2024\/08\/cropped-Logo-NSS1-1.jpg","contentUrl":"https:\/\/wasafrica.org\/wp-content\/uploads\/2024\/08\/cropped-Logo-NSS1-1.jpg","width":261,"height":250,"caption":"Nous Sommes la solution"},"image":{"@id":"https:\/\/wasafrica.org\/pt\/#\/schema\/logo\/image\/"}}]}},"_links":{"self":[{"href":"https:\/\/wasafrica.org\/pt\/wp-json\/wp\/v2\/pages\/907","targetHints":{"allow":["GET"]}}],"collection":[{"href":"https:\/\/wasafrica.org\/pt\/wp-json\/wp\/v2\/pages"}],"about":[{"href":"https:\/\/wasafrica.org\/pt\/wp-json\/wp\/v2\/types\/page"}],"author":[{"embeddable":true,"href":"https:\/\/wasafrica.org\/pt\/wp-json\/wp\/v2\/users\/1"}],"replies":[{"embeddable":true,"href":"https:\/\/wasafrica.org\/pt\/wp-json\/wp\/v2\/comments?post=907"}],"version-history":[{"count":171,"href":"https:\/\/wasafrica.org\/pt\/wp-json\/wp\/v2\/pages\/907\/revisions"}],"predecessor-version":[{"id":5193,"href":"https:\/\/wasafrica.org\/pt\/wp-json\/wp\/v2\/pages\/907\/revisions\/5193"}],"wp:attachment":[{"href":"https:\/\/wasafrica.org\/pt\/wp-json\/wp\/v2\/media?parent=907"}],"curies":[{"name":"wp","href":"https:\/\/api.w.org\/{rel}","templated":true}]}}